{"id":1308,"date":"2023-09-25T10:33:20","date_gmt":"2023-09-25T08:33:20","guid":{"rendered":"https:\/\/auszeit-in-isselburg.de\/?page_id=1308"},"modified":"2025-03-17T23:14:46","modified_gmt":"2025-03-17T21:14:46","slug":"ferienwohnung-auszeit-im-gruenen","status":"publish","type":"page","link":"https:\/\/auszeit-in-isselburg.de\/?page_id=1308","title":{"rendered":"Ferienwohnungen"},"content":{"rendered":"<h3><a href=\"#Die_Auszeit_im_Gruenen\">&#8222;Auszeit im Gr\u00fcnen&#8220;  &#8211;  FeWo OG<\/a><\/h3>\n<p>\t\t\t\t\t\t\t\t<a data-elementor-open-lightbox=\"yes\" data-elementor-lightbox-slideshow=\"0f43632\" data-elementor-lightbox-title=\"DSC_0054\" data-e-action-hash=\"#elementor-action%3Aaction%3Dlightbox%26settings%3DeyJpZCI6MTU3MCwidXJsIjoiaHR0cHM6XC9cL2F1c3plaXQtaW4taXNzZWxidXJnLmRlXC93cC1jb250ZW50XC91cGxvYWRzXC8yMDI0XC8xMFwvRFNDXzAwNTQud2VicCIsInNsaWRlc2hvdyI6IjBmNDM2MzIifQ%3D%3D\" href=\"https:\/\/auszeit-in-isselburg.de\/wp-content\/uploads\/2024\/10\/DSC_0054.webp\"><\/p>\n<figure><img decoding=\"async\" src=\"https:\/\/auszeit-in-isselburg.de\/wp-content\/uploads\/2024\/10\/DSC_0054-150x150.webp\" alt=\"DSC_0054\" \/><\/figure>\n<p><\/a><a data-elementor-open-lightbox=\"yes\" data-elementor-lightbox-slideshow=\"0f43632\" data-elementor-lightbox-title=\"DSC_0056\" data-e-action-hash=\"#elementor-action%3Aaction%3Dlightbox%26settings%3DeyJpZCI6MTU3MSwidXJsIjoiaHR0cHM6XC9cL2F1c3plaXQtaW4taXNzZWxidXJnLmRlXC93cC1jb250ZW50XC91cGxvYWRzXC8yMDI0XC8xMFwvRFNDXzAwNTYud2VicCIsInNsaWRlc2hvdyI6IjBmNDM2MzIifQ%3D%3D\" href=\"https:\/\/auszeit-in-isselburg.de\/wp-content\/uploads\/2024\/10\/DSC_0056.webp\"><\/p>\n<figure><img decoding=\"async\" src=\"https:\/\/auszeit-in-isselburg.de\/wp-content\/uploads\/2024\/10\/DSC_0056-150x150.webp\" alt=\"DSC_0056\" \/><\/figure>\n<p><\/a><a data-elementor-open-lightbox=\"yes\" data-elementor-lightbox-slideshow=\"0f43632\" data-elementor-lightbox-title=\"20200901_105023\" data-e-action-hash=\"#elementor-action%3Aaction%3Dlightbox%26settings%3DeyJpZCI6MTU2NywidXJsIjoiaHR0cHM6XC9cL2F1c3plaXQtaW4taXNzZWxidXJnLmRlXC93cC1jb250ZW50XC91cGxvYWRzXC8yMDI0XC8xMFwvMjAyMDA5MDFfMTA1MDIzLndlYnAiLCJzbGlkZXNob3ciOiIwZjQzNjMyIn0%3D\" href=\"https:\/\/auszeit-in-isselburg.de\/wp-content\/uploads\/2024\/10\/20200901_105023.webp\"><\/p>\n<figure><img decoding=\"async\" src=\"https:\/\/auszeit-in-isselburg.de\/wp-content\/uploads\/2024\/10\/20200901_105023-150x150.webp\" alt=\"20200901_105023\" \/><\/figure>\n<p><\/a><a data-elementor-open-lightbox=\"yes\" data-elementor-lightbox-slideshow=\"0f43632\" data-elementor-lightbox-title=\"DSC_0075 (1)\" data-e-action-hash=\"#elementor-action%3Aaction%3Dlightbox%26settings%3DeyJpZCI6MTU3NywidXJsIjoiaHR0cHM6XC9cL2F1c3plaXQtaW4taXNzZWxidXJnLmRlXC93cC1jb250ZW50XC91cGxvYWRzXC8yMDI0XC8xMFwvRFNDXzAwNzUtMS53ZWJwIiwic2xpZGVzaG93IjoiMGY0MzYzMiJ9\" href=\"https:\/\/auszeit-in-isselburg.de\/wp-content\/uploads\/2024\/10\/DSC_0075-1.webp\"><\/p>\n<figure><img decoding=\"async\" src=\"https:\/\/auszeit-in-isselburg.de\/wp-content\/uploads\/2024\/10\/DSC_0075-1-150x150.webp\" alt=\"DSC_0075 (1)\" \/><\/figure>\n<p><\/a><a data-elementor-open-lightbox=\"yes\" data-elementor-lightbox-slideshow=\"0f43632\" data-elementor-lightbox-title=\"20211003_153624\" data-e-action-hash=\"#elementor-action%3Aaction%3Dlightbox%26settings%3DeyJpZCI6MTU2OCwidXJsIjoiaHR0cHM6XC9cL2F1c3plaXQtaW4taXNzZWxidXJnLmRlXC93cC1jb250ZW50XC91cGxvYWRzXC8yMDI0XC8xMFwvMjAyMTEwMDNfMTUzNjI0LndlYnAiLCJzbGlkZXNob3ciOiIwZjQzNjMyIn0%3D\" href=\"https:\/\/auszeit-in-isselburg.de\/wp-content\/uploads\/2024\/10\/20211003_153624.webp\"><\/p>\n<figure><img decoding=\"async\" src=\"https:\/\/auszeit-in-isselburg.de\/wp-content\/uploads\/2024\/10\/20211003_153624-150x150.webp\" alt=\"20211003_153624\" \/><\/figure>\n<p><\/a><a data-elementor-open-lightbox=\"yes\" data-elementor-lightbox-slideshow=\"0f43632\" data-elementor-lightbox-title=\"DSC_0074 (1)\" data-e-action-hash=\"#elementor-action%3Aaction%3Dlightbox%26settings%3DeyJpZCI6MTU3NiwidXJsIjoiaHR0cHM6XC9cL2F1c3plaXQtaW4taXNzZWxidXJnLmRlXC93cC1jb250ZW50XC91cGxvYWRzXC8yMDI0XC8xMFwvRFNDXzAwNzQtMS53ZWJwIiwic2xpZGVzaG93IjoiMGY0MzYzMiJ9\" href=\"https:\/\/auszeit-in-isselburg.de\/wp-content\/uploads\/2024\/10\/DSC_0074-1.webp\"><\/p>\n<figure><img decoding=\"async\" src=\"https:\/\/auszeit-in-isselburg.de\/wp-content\/uploads\/2024\/10\/DSC_0074-1-150x150.webp\" alt=\"DSC_0074 (1)\" \/><\/figure>\n<p><\/a><a data-elementor-open-lightbox=\"yes\" data-elementor-lightbox-slideshow=\"0f43632\" data-elementor-lightbox-title=\"DSC_0073 (1)\" data-e-action-hash=\"#elementor-action%3Aaction%3Dlightbox%26settings%3DeyJpZCI6MTU3NSwidXJsIjoiaHR0cHM6XC9cL2F1c3plaXQtaW4taXNzZWxidXJnLmRlXC93cC1jb250ZW50XC91cGxvYWRzXC8yMDI0XC8xMFwvRFNDXzAwNzMtMS53ZWJwIiwic2xpZGVzaG93IjoiMGY0MzYzMiJ9\" href=\"https:\/\/auszeit-in-isselburg.de\/wp-content\/uploads\/2024\/10\/DSC_0073-1.webp\"><\/p>\n<figure><img decoding=\"async\" src=\"https:\/\/auszeit-in-isselburg.de\/wp-content\/uploads\/2024\/10\/DSC_0073-1-150x150.webp\" alt=\"DSC_0073 (1)\" \/><\/figure>\n<p><\/a><a data-elementor-open-lightbox=\"yes\" data-elementor-lightbox-slideshow=\"0f43632\" data-elementor-lightbox-title=\"DSC_0072 (1)\" data-e-action-hash=\"#elementor-action%3Aaction%3Dlightbox%26settings%3DeyJpZCI6MTU3NCwidXJsIjoiaHR0cHM6XC9cL2F1c3plaXQtaW4taXNzZWxidXJnLmRlXC93cC1jb250ZW50XC91cGxvYWRzXC8yMDI0XC8xMFwvRFNDXzAwNzItMS53ZWJwIiwic2xpZGVzaG93IjoiMGY0MzYzMiJ9\" href=\"https:\/\/auszeit-in-isselburg.de\/wp-content\/uploads\/2024\/10\/DSC_0072-1.webp\"><\/p>\n<figure><img decoding=\"async\" src=\"https:\/\/auszeit-in-isselburg.de\/wp-content\/uploads\/2024\/10\/DSC_0072-1-150x150.webp\" alt=\"DSC_0072 (1)\" \/><\/figure>\n<p><\/a><a data-elementor-open-lightbox=\"yes\" data-elementor-lightbox-slideshow=\"0f43632\" data-elementor-lightbox-title=\"DSC_0059\" data-e-action-hash=\"#elementor-action%3Aaction%3Dlightbox%26settings%3DeyJpZCI6MTU3MiwidXJsIjoiaHR0cHM6XC9cL2F1c3plaXQtaW4taXNzZWxidXJnLmRlXC93cC1jb250ZW50XC91cGxvYWRzXC8yMDI0XC8xMFwvRFNDXzAwNTkud2VicCIsInNsaWRlc2hvdyI6IjBmNDM2MzIifQ%3D%3D\" href=\"https:\/\/auszeit-in-isselburg.de\/wp-content\/uploads\/2024\/10\/DSC_0059.webp\"><\/p>\n<figure><img decoding=\"async\" src=\"https:\/\/auszeit-in-isselburg.de\/wp-content\/uploads\/2024\/10\/DSC_0059-150x150.webp\" alt=\"DSC_0059\" \/><\/figure>\n<p><\/a><a data-elementor-open-lightbox=\"yes\" data-elementor-lightbox-slideshow=\"0f43632\" data-elementor-lightbox-title=\"DSC_0063 (1)\" data-e-action-hash=\"#elementor-action%3Aaction%3Dlightbox%26settings%3DeyJpZCI6MTU3MywidXJsIjoiaHR0cHM6XC9cL2F1c3plaXQtaW4taXNzZWxidXJnLmRlXC93cC1jb250ZW50XC91cGxvYWRzXC8yMDI0XC8xMFwvRFNDXzAwNjMtMS1lMTcyOTc1ODExOTM4MS53ZWJwIiwic2xpZGVzaG93IjoiMGY0MzYzMiJ9\" href=\"https:\/\/auszeit-in-isselburg.de\/wp-content\/uploads\/2024\/10\/DSC_0063-1-e1729758119381.webp\"><\/p>\n<figure><img decoding=\"async\" src=\"https:\/\/auszeit-in-isselburg.de\/wp-content\/uploads\/2024\/10\/DSC_0063-1-e1729758119381-150x150.webp\" alt=\"DSC_0063 (1)\" \/><\/figure>\n<p><\/a><a data-elementor-open-lightbox=\"yes\" data-elementor-lightbox-slideshow=\"0f43632\" data-elementor-lightbox-title=\"20230129_160429\" data-e-action-hash=\"#elementor-action%3Aaction%3Dlightbox%26settings%3DeyJpZCI6MTU2OSwidXJsIjoiaHR0cHM6XC9cL2F1c3plaXQtaW4taXNzZWxidXJnLmRlXC93cC1jb250ZW50XC91cGxvYWRzXC8yMDI0XC8xMFwvMjAyMzAxMjlfMTYwNDI5LndlYnAiLCJzbGlkZXNob3ciOiIwZjQzNjMyIn0%3D\" href=\"https:\/\/auszeit-in-isselburg.de\/wp-content\/uploads\/2024\/10\/20230129_160429.webp\"><\/p>\n<figure><img decoding=\"async\" src=\"https:\/\/auszeit-in-isselburg.de\/wp-content\/uploads\/2024\/10\/20230129_160429-150x150.webp\" alt=\"20230129_160429\" \/><\/figure>\n<p><\/a>\t\t\t<\/p>\n<h3><a href=\"#In_den_Wolken\">&#8222;In den Wolken&#8220;  &#8211;  FeWo DG<\/a><\/h3>\n<p>\t\t\t\t\t\t\t\t<a data-elementor-open-lightbox=\"yes\" data-elementor-lightbox-slideshow=\"0a9bae3\" data-elementor-lightbox-title=\"PXL_20240324_161420843.MP~2\" data-e-action-hash=\"#elementor-action%3Aaction%3Dlightbox%26settings%3DeyJpZCI6MTU1NiwidXJsIjoiaHR0cHM6XC9cL2F1c3plaXQtaW4taXNzZWxidXJnLmRlXC93cC1jb250ZW50XC91cGxvYWRzXC8yMDI0XC8xMFwvUFhMXzIwMjQwMzI0XzE2MTQyMDg0My5NUDJfLndlYnAiLCJzbGlkZXNob3ciOiIwYTliYWUzIn0%3D\" href=\"https:\/\/auszeit-in-isselburg.de\/wp-content\/uploads\/2024\/10\/PXL_20240324_161420843.MP2_.webp\"><\/p>\n<figure><img decoding=\"async\" src=\"https:\/\/auszeit-in-isselburg.de\/wp-content\/uploads\/2024\/10\/PXL_20240324_161420843.MP2_-150x150.webp\" alt=\"PXL_20240324_161420843.MP~2\" \/><\/figure>\n<p><\/a><a data-elementor-open-lightbox=\"yes\" data-elementor-lightbox-slideshow=\"0a9bae3\" data-elementor-lightbox-title=\"PXL_20240324_161457818.MP~2\" data-e-action-hash=\"#elementor-action%3Aaction%3Dlightbox%26settings%3DeyJpZCI6MTU1NywidXJsIjoiaHR0cHM6XC9cL2F1c3plaXQtaW4taXNzZWxidXJnLmRlXC93cC1jb250ZW50XC91cGxvYWRzXC8yMDI0XC8xMFwvUFhMXzIwMjQwMzI0XzE2MTQ1NzgxOC5NUDJfLndlYnAiLCJzbGlkZXNob3ciOiIwYTliYWUzIn0%3D\" href=\"https:\/\/auszeit-in-isselburg.de\/wp-content\/uploads\/2024\/10\/PXL_20240324_161457818.MP2_.webp\"><\/p>\n<figure><img decoding=\"async\" src=\"https:\/\/auszeit-in-isselburg.de\/wp-content\/uploads\/2024\/10\/PXL_20240324_161457818.MP2_-150x150.webp\" alt=\"PXL_20240324_161457818.MP~2\" \/><\/figure>\n<p><\/a><a data-elementor-open-lightbox=\"yes\" data-elementor-lightbox-slideshow=\"0a9bae3\" data-elementor-lightbox-title=\"PXL_20240324_161651869.MP~2\" data-e-action-hash=\"#elementor-action%3Aaction%3Dlightbox%26settings%3DeyJpZCI6MTU1OCwidXJsIjoiaHR0cHM6XC9cL2F1c3plaXQtaW4taXNzZWxidXJnLmRlXC93cC1jb250ZW50XC91cGxvYWRzXC8yMDI0XC8xMFwvUFhMXzIwMjQwMzI0XzE2MTY1MTg2OS5NUDJfLndlYnAiLCJzbGlkZXNob3ciOiIwYTliYWUzIn0%3D\" href=\"https:\/\/auszeit-in-isselburg.de\/wp-content\/uploads\/2024\/10\/PXL_20240324_161651869.MP2_.webp\"><\/p>\n<figure><img decoding=\"async\" src=\"https:\/\/auszeit-in-isselburg.de\/wp-content\/uploads\/2024\/10\/PXL_20240324_161651869.MP2_-150x150.webp\" alt=\"PXL_20240324_161651869.MP~2\" \/><\/figure>\n<p><\/a><a data-elementor-open-lightbox=\"yes\" data-elementor-lightbox-slideshow=\"0a9bae3\" data-elementor-lightbox-title=\"PXL_20240324_165519388.MP~2\" data-e-action-hash=\"#elementor-action%3Aaction%3Dlightbox%26settings%3DeyJpZCI6MTU2MywidXJsIjoiaHR0cHM6XC9cL2F1c3plaXQtaW4taXNzZWxidXJnLmRlXC93cC1jb250ZW50XC91cGxvYWRzXC8yMDI0XC8xMFwvUFhMXzIwMjQwMzI0XzE2NTUxOTM4OC5NUDJfLndlYnAiLCJzbGlkZXNob3ciOiIwYTliYWUzIn0%3D\" href=\"https:\/\/auszeit-in-isselburg.de\/wp-content\/uploads\/2024\/10\/PXL_20240324_165519388.MP2_.webp\"><\/p>\n<figure><img decoding=\"async\" src=\"https:\/\/auszeit-in-isselburg.de\/wp-content\/uploads\/2024\/10\/PXL_20240324_165519388.MP2_-150x150.webp\" alt=\"PXL_20240324_165519388.MP~2\" \/><\/figure>\n<p><\/a><a data-elementor-open-lightbox=\"yes\" data-elementor-lightbox-slideshow=\"0a9bae3\" data-elementor-lightbox-title=\"PXL_20240324_161727411.MP~2\" data-e-action-hash=\"#elementor-action%3Aaction%3Dlightbox%26settings%3DeyJpZCI6MTU1OSwidXJsIjoiaHR0cHM6XC9cL2F1c3plaXQtaW4taXNzZWxidXJnLmRlXC93cC1jb250ZW50XC91cGxvYWRzXC8yMDI0XC8xMFwvUFhMXzIwMjQwMzI0XzE2MTcyNzQxMS5NUDJfLndlYnAiLCJzbGlkZXNob3ciOiIwYTliYWUzIn0%3D\" href=\"https:\/\/auszeit-in-isselburg.de\/wp-content\/uploads\/2024\/10\/PXL_20240324_161727411.MP2_.webp\"><\/p>\n<figure><img decoding=\"async\" src=\"https:\/\/auszeit-in-isselburg.de\/wp-content\/uploads\/2024\/10\/PXL_20240324_161727411.MP2_-150x150.webp\" alt=\"PXL_20240324_161727411.MP~2\" \/><\/figure>\n<p><\/a><a data-elementor-open-lightbox=\"yes\" data-elementor-lightbox-slideshow=\"0a9bae3\" data-elementor-lightbox-title=\"PXL_20240324_161806040.MP~2\" data-e-action-hash=\"#elementor-action%3Aaction%3Dlightbox%26settings%3DeyJpZCI6MTU2MCwidXJsIjoiaHR0cHM6XC9cL2F1c3plaXQtaW4taXNzZWxidXJnLmRlXC93cC1jb250ZW50XC91cGxvYWRzXC8yMDI0XC8xMFwvUFhMXzIwMjQwMzI0XzE2MTgwNjA0MC5NUDJfLndlYnAiLCJzbGlkZXNob3ciOiIwYTliYWUzIn0%3D\" href=\"https:\/\/auszeit-in-isselburg.de\/wp-content\/uploads\/2024\/10\/PXL_20240324_161806040.MP2_.webp\"><\/p>\n<figure><img decoding=\"async\" src=\"https:\/\/auszeit-in-isselburg.de\/wp-content\/uploads\/2024\/10\/PXL_20240324_161806040.MP2_-150x150.webp\" alt=\"PXL_20240324_161806040.MP~2\" \/><\/figure>\n<p><\/a><a data-elementor-open-lightbox=\"yes\" data-elementor-lightbox-slideshow=\"0a9bae3\" data-elementor-lightbox-title=\"PXL_20240324_161832210.MP~2\" data-e-action-hash=\"#elementor-action%3Aaction%3Dlightbox%26settings%3DeyJpZCI6MTU2MSwidXJsIjoiaHR0cHM6XC9cL2F1c3plaXQtaW4taXNzZWxidXJnLmRlXC93cC1jb250ZW50XC91cGxvYWRzXC8yMDI0XC8xMFwvUFhMXzIwMjQwMzI0XzE2MTgzMjIxMC5NUDJfLndlYnAiLCJzbGlkZXNob3ciOiIwYTliYWUzIn0%3D\" href=\"https:\/\/auszeit-in-isselburg.de\/wp-content\/uploads\/2024\/10\/PXL_20240324_161832210.MP2_.webp\"><\/p>\n<figure><img decoding=\"async\" src=\"https:\/\/auszeit-in-isselburg.de\/wp-content\/uploads\/2024\/10\/PXL_20240324_161832210.MP2_-150x150.webp\" alt=\"PXL_20240324_161832210.MP~2\" \/><\/figure>\n<p><\/a><a data-elementor-open-lightbox=\"yes\" data-elementor-lightbox-slideshow=\"0a9bae3\" data-elementor-lightbox-title=\"PXL_20240324_161845256.MP~2\" data-e-action-hash=\"#elementor-action%3Aaction%3Dlightbox%26settings%3DeyJpZCI6MTU2MiwidXJsIjoiaHR0cHM6XC9cL2F1c3plaXQtaW4taXNzZWxidXJnLmRlXC93cC1jb250ZW50XC91cGxvYWRzXC8yMDI0XC8xMFwvUFhMXzIwMjQwMzI0XzE2MTg0NTI1Ni5NUDJfLndlYnAiLCJzbGlkZXNob3ciOiIwYTliYWUzIn0%3D\" href=\"https:\/\/auszeit-in-isselburg.de\/wp-content\/uploads\/2024\/10\/PXL_20240324_161845256.MP2_.webp\"><\/p>\n<figure><img decoding=\"async\" src=\"https:\/\/auszeit-in-isselburg.de\/wp-content\/uploads\/2024\/10\/PXL_20240324_161845256.MP2_-150x150.webp\" alt=\"PXL_20240324_161845256.MP~2\" \/><\/figure>\n<p><\/a>\t\t\t<\/p>\n<p><strong>Die Ferienwohnungen<\/strong><\/p>\n<p>Du hast die Wahl zwischen zwei tollen Ferienwohnungen im Hofhaus auf unserem idyllischen Pferdehof.<\/p>\n<p>Einmal die &#8222;<a href=\"#Die_Auszeit_im_Gruenen\"><strong>Auszeit im Gr\u00fcnen<\/strong><\/a>&#8222;, eine fast 80 m\u00b2 gro\u00dfe Ferienwohnung mit Balkon im ersten Obergeschoss, oder im Dachgeschoss die Ferienwohnung &#8222;<a href=\"#In_den_Wolken\"><strong>In den Wolken<\/strong><\/a>&#8222;.<\/p>\n<p>Der Hof und die Ferienwohnungen liegen mitten im Gr\u00fcnen, direkt an einem deutsch-niederl\u00e4ndischen Grenz\u00fcbergang, der nur f\u00fcr den Fu\u00dfg\u00e4nger- und Fahrradverkehr ge\u00f6ffnet ist.<br \/>Umgeben von Wiesen, Seen und W\u00e4ldern bietet sich hier die perfekte Atmosph\u00e4re f\u00fcr einen entspannenden Urlaub zum Kraft tanken.<\/p>\n<p>Einkaufsm\u00f6glichkeiten, Restaurants, verschiedene Freizeitm\u00f6glichkeiten wie ein Wildpark, Freizeitparks (Kernwasserwunderland) Schl\u00f6sser, Radwanderwege, Kanutouren, und Reiterh\u00f6fe sind zu Fu\u00df oder mit dem Fahrrad schnell zu erreichen.<\/p>\n<h2><a href=\"#Die_Auszeit_im_Gruenen\">&#8222;Auszeit im Gr\u00fcnen&#8220;  &#8211;  FeWo OG<\/a><\/h2>\n<p>\t\t[abc-single calendar=1]\t\t<\/p>\n<h2><a href=\"#In_den_Wolken\">&#8222;In den Wolken&#8220;  &#8211;  FeWo DG<\/a><\/h2>\n<p>\t\t[abc-single calendar=2]<\/p>\n<p><strong>Die Ferienwohnungen<\/strong><\/p>\n<p>Du hast die Wahl zwischen zwei tollen Ferienwohnungen im Hofhaus auf unserem idyllischen Pferdehof.<\/p>\n<p>Einmal die &#8222;<a href=\"#Die_Auszeit_im_Gruenen\"><strong>Auszeit im Gr\u00fcnen<\/strong><\/a>&#8222;, eine fast 80 m\u00b2 gro\u00dfe Ferienwohnung mit Balkon im ersten Obergeschoss, oder im Dachgeschoss die Ferienwohnung &#8222;<a href=\"#In_den_Wolken\"><strong>In den Wolken<\/strong><\/a>&#8222;.<\/p>\n<p>Der Hof und die Ferienwohnungen liegen mitten im Gr\u00fcnen, direkt an einem deutsch-niederl\u00e4ndischen Grenz\u00fcbergang, der nur f\u00fcr den Fu\u00dfg\u00e4nger- und Fahrradverkehr ge\u00f6ffnet ist.<br \/>Umgeben von Wiesen, Seen und W\u00e4ldern bietet sich hier die perfekte Atmosph\u00e4re f\u00fcr einen entspannenden Urlaub zum Kraft tanken.<\/p>\n<p>Einkaufsm\u00f6glichkeiten, Restaurants, verschiedene Freizeitm\u00f6glichkeiten wie ein Wildpark, Freizeitparks (Kernwasserwunderland) Schl\u00f6sser, Radwanderwege, Kanutouren, und Reiterh\u00f6fe sind zu Fu\u00df oder mit dem Fahrrad schnell zu erreichen.<\/p>\n<p>\t\t\t\t\t\t\t\t\t\t\t\t<a tabindex=\"0\">Das bietet Dir die FeWo &#8222;Auszeit im Gr\u00fcnen&#8220;<\/a><\/p>\n<p>Die Wohnung bietet ein sch\u00f6nes und ruhiges Schlafzimmer und ein gro\u00dfz\u00fcgiges Wohnzimmer mit SAT-TV, mit einem Balkon dessen S\u00fcdlage zum Sonnenbaden einl\u00e4dt. Au\u00dferdem gibt es einladendes Esszimmer, in dem sich auch noch ein Tagesbett f\u00fcr einen ggf. dritten Gast befindet. Weiter sind eine gut ausgestattete K\u00fcche, ein Duschbad und ein separates WC vorhanden. Die FeWo bietet ausreichend Platz f\u00fcr 2 &#8211; 3 Personen, um eine Auszeit in der westlichen Ecke des wundersch\u00f6nen Westm\u00fcnsterlandes zu genie\u00dfen.<\/p>\n<p>In der K\u00fcche mit Herd, Backofen, Kaffeemaschine, Wasserkocher, Toaster und Waschmaschine kannst du Kochen und auch, wenn es n\u00f6tig ist, W\u00e4sche waschen. Im Wohnzimmer kannst du auf der Couch sitzen, entspannen und lesen, TV schauen oder Spiele spielen (<em>da haben wir ein paar<\/em>). An sonnigen Tagen l\u00e4dt der Balkon zum Sonnenbaden ein. Damit es nicht zu warm wird, gibt es eine Markise, die das Wohnzimmer vor starker Sonne sch\u00fctzen kann.<\/p>\n<p>Eine Terrasse f\u00fcr unsere G\u00e4ste befindet sich im Garten\u00a0vor dem Haus, hier finden sich Gartenm\u00f6bel mit bequemen Auflagen.<\/p>\n<p>Wenn Du magst, kannst Du gerne ein Fahrrad bei uns leihen und die Gegend erkunden, auch mit Inlinern steht einer sportlichen oder gem\u00fctlichen Tour nichts im Wege. Das Grenzland ist bekannt f\u00fcr seine gro\u00dfartigen Rad- und Wanderwege.<\/p>\n<p>F\u00fcr Dein Fahrzeug ist nat\u00fcrlich auch ein Parkplatz auf dem Grundst\u00fcck vorhanden.\u00a0<\/p>\n<p style=\"text-align: center;\"><em><strong>Services in der Auszeit im Gr\u00fcnen<\/strong><\/em><\/p>\n<figure><img decoding=\"async\" src=\"https:\/\/auszeit-in-isselburg.de\/wp-content\/uploads\/elementor\/thumbs\/flaeche-ps6fwh10a6xe5cduznraycyhuppf866xq53iobgsos.png\" alt=\"gro\u00dfz\u00fcgige FeWo\" \/><\/figure>\n<figure><img decoding=\"async\" src=\"https:\/\/auszeit-in-isselburg.de\/wp-content\/uploads\/elementor\/thumbs\/WiFi-ps6fwu6qxvfenvuqutg2x9my63wk7xn6fy8be6xa9o.png\" alt=\"Internetzugang\" \/><\/figure>\n<figure><img decoding=\"async\" src=\"https:\/\/auszeit-in-isselburg.de\/wp-content\/uploads\/elementor\/thumbs\/Balkon-ps6fwcbtc0qyjakor3q63w56vscl5ooa1hu39xnrjw.png\" alt=\"Sonnen-Balkon\" \/><\/figure>\n<figure><img decoding=\"async\" src=\"https:\/\/auszeit-in-isselburg.de\/wp-content\/uploads\/elementor\/thumbs\/Bett-ps6fwd9nius8uwjblm4sodwnh67ydds0dmhkr7mddo.png\" alt=\"gro\u00dfes Doppelbett\" \/><\/figure>\n<figure><img decoding=\"async\" src=\"https:\/\/auszeit-in-isselburg.de\/wp-content\/uploads\/elementor\/thumbs\/Dusche-ps6fwf5bwiuti4glamy1tdfknxyosrzh1vsjprjl18.png\" alt=\"Duschbad\" \/><\/figure>\n<figure><img decoding=\"async\" src=\"https:\/\/auszeit-in-isselburg.de\/wp-content\/uploads\/elementor\/thumbs\/kueche-ps6fwksd1j2jfs8edpdt8c0c896w2ylv2npglfb7zw.png\" alt=\"vollausgestattete K\u00fcche\" \/><\/figure>\n<figure><img decoding=\"async\" src=\"https:\/\/auszeit-in-isselburg.de\/wp-content\/uploads\/elementor\/thumbs\/Kuehlschrank-ps6fwlq78d3tre7187sfstrstn29anplescy2p9tto.png\" alt=\"K\u00fchl- und Gefrierschrank\" \/><\/figure>\n<figure><img decoding=\"async\" src=\"https:\/\/auszeit-in-isselburg.de\/wp-content\/uploads\/elementor\/thumbs\/Kaffee-ps6fwiwonuzyskb4ookk3chf1hg5nkeeeeehmve0cc.png\" alt=\"Kaffee-Maschine\" \/><\/figure>\n<figure><img decoding=\"async\" src=\"https:\/\/auszeit-in-isselburg.de\/wp-content\/uploads\/elementor\/thumbs\/Senseo-ps6fwqfe6ja9dg07grtknal3skf3d5893fmdh32uyk.png\" alt=\"Kaffee-Pad-Maschine\" \/><\/figure>\n<figure><img decoding=\"async\" src=\"https:\/\/auszeit-in-isselburg.de\/wp-content\/uploads\/elementor\/thumbs\/Ofen-ps6fwojpsv7oq82xrr0bib26lsocxr0sf6beij5nb0.png\" alt=\"Backofen\" \/><\/figure>\n<figure><img decoding=\"async\" src=\"https:\/\/auszeit-in-isselburg.de\/wp-content\/uploads\/elementor\/thumbs\/TV-ps6fwsb2k7cu0nxh5smtsa40zc5tsjfproxcfn02m4.png\" alt=\"Sat-TV\" \/><\/figure>\n<figure><img decoding=\"async\" src=\"https:\/\/auszeit-in-isselburg.de\/wp-content\/uploads\/elementor\/thumbs\/Waesche-ps6fwt8wr1e4c9w40b1gcrvhkq1708jg3tktwwyofw.png\" alt=\"W\u00e4schepaket\" \/><\/figure>\n<figure><img decoding=\"async\" src=\"https:\/\/auszeit-in-isselburg.de\/wp-content\/uploads\/elementor\/thumbs\/parken-ps6fwphjzp8z1u1km9ey2stn76jq5g4irayvzt494s.png\" alt=\"Pakrplatz\" \/><\/figure>\n<figure><img decoding=\"async\" src=\"https:\/\/auszeit-in-isselburg.de\/wp-content\/uploads\/elementor\/thumbs\/Fahrrad-ps6fwg363cw3tqf855codv719bu20h37e0g171i6v0.png\" alt=\"Fahrr\u00e4der\" \/><\/figure>\n<figure><img decoding=\"async\" src=\"https:\/\/auszeit-in-isselburg.de\/wp-content\/uploads\/elementor\/thumbs\/Haustier-ps6fwhyuh0yogychu65xiupyg3ksfvao29r05lfeik.png\" alt=\"Haustiermitnahme\" \/><\/figure>\n<figure><img decoding=\"async\" src=\"https:\/\/auszeit-in-isselburg.de\/wp-content\/uploads\/elementor\/thumbs\/nichtraucher-ps6fwmo1f754305o2q72dbj9f0xmictbqx0fjz8fng.png\" alt=\"Nichtraucher Wohnung\" \/><\/figure>\n<p>\t\t\t\t\t\t\t\t\t\t\t\t<a tabindex=\"0\">Das bietet Dir die FeWo &#8222;In den Wolken&#8220;<\/a><\/p>\n<p>Die Wohnung bietet als lichtdurchflutetes Ein-Zimmer-Appartment* einen gem\u00fctlichen und hellen Wohn- und Schlafbereich mit Platz f\u00fcr max. 2 Personen.<\/p>\n<p>Auch diese FeWo verf\u00fcgt \u00fcber eine kleine aber gut ausgestattete K\u00fcche (<em>mit Herd, Backofen, Kaffeemaschine, Wasserkocher und Toaster<\/em>) und ein gro\u00dfz\u00fcgiges\u00a0Duschbad und ein WC.<\/p>\n<p>Eine Terrasse f\u00fcr unsere G\u00e4ste befindet sich im Garten vor dem Haus, hier finden sich Gartenm\u00f6bel mit bequemen Auflagen.<\/p>\n<p>Wenn Du magst, kannst Du gerne ein Fahrrad bei uns leihen und die Gegend erkunden, auch mit Inlinern steht einer sportlichen oder gem\u00fctlichen Tour nichts im Wege. Das Grenzland ist bekannt f\u00fcr seine gro\u00dfartigen Rad- und Wanderwege.<\/p>\n<p>F\u00fcr Dein Fahrzeug ist nat\u00fcrlich auch ein Parkplatz auf dem Grundst\u00fcck vorhanden.<\/p>\n<p>Tipp:<br \/><em>F\u00fcr unsere G\u00e4ste, die gr\u00f6\u00dfer sind als 1,95 m, empfehlen wir die Wohnung &#8222;<a href=\"#Die_Auszeit_im_Gruenen\">Auszeit im Gr\u00fcnen<\/a>&#8222;, da sonst, auf Grund der offenen Dachbalken in der Fewo &#8222;In den Wolken&#8220;, ab und zu der Kopf eingezogen werden muss.<\/em><\/p>\n<p style=\"text-align: center;\"><em><strong>Services in den Wolken:<\/strong><\/em><\/p>\n<figure><img decoding=\"async\" src=\"https:\/\/auszeit-in-isselburg.de\/wp-content\/uploads\/elementor\/thumbs\/flaeche38-qltno18jlsdvgfo7wqpb0h3rlmvadi7u8rq6ok61bw.png\" alt=\"flaeche38\" \/><\/figure>\n<figure><img decoding=\"async\" src=\"https:\/\/auszeit-in-isselburg.de\/wp-content\/uploads\/elementor\/thumbs\/WiFi-ps6fwu6qxvfenvuqutg2x9my63wk7xn6fy8be6xa9o.png\" alt=\"Internetzugang\" \/><\/figure>\n<figure><img decoding=\"async\" src=\"https:\/\/auszeit-in-isselburg.de\/wp-content\/uploads\/elementor\/thumbs\/Bett-ps6fwd9nius8uwjblm4sodwnh67ydds0dmhkr7mddo.png\" alt=\"gro\u00dfes Doppelbett\" \/><\/figure>\n<figure><img decoding=\"async\" src=\"https:\/\/auszeit-in-isselburg.de\/wp-content\/uploads\/elementor\/thumbs\/Dusche-ps6fwf5bwiuti4glamy1tdfknxyosrzh1vsjprjl18.png\" alt=\"Duschbad\" \/><\/figure>\n<figure><img decoding=\"async\" src=\"https:\/\/auszeit-in-isselburg.de\/wp-content\/uploads\/elementor\/thumbs\/kueche-ps6fwksd1j2jfs8edpdt8c0c896w2ylv2npglfb7zw.png\" alt=\"vollausgestattete K\u00fcche\" \/><\/figure>\n<figure><img decoding=\"async\" src=\"https:\/\/auszeit-in-isselburg.de\/wp-content\/uploads\/elementor\/thumbs\/Kuehlschrank-ps6fwlq78d3tre7187sfstrstn29anplescy2p9tto.png\" alt=\"K\u00fchl- und Gefrierschrank\" \/><\/figure>\n<figure><img decoding=\"async\" src=\"https:\/\/auszeit-in-isselburg.de\/wp-content\/uploads\/elementor\/thumbs\/Senseo-ps6fwqfe6ja9dg07grtknal3skf3d5893fmdh32uyk.png\" alt=\"Kaffee-Pad-Maschine\" \/><\/figure>\n<figure><img decoding=\"async\" src=\"https:\/\/auszeit-in-isselburg.de\/wp-content\/uploads\/elementor\/thumbs\/Ofen-ps6fwojpsv7oq82xrr0bib26lsocxr0sf6beij5nb0.png\" alt=\"Backofen\" \/><\/figure>\n<figure><img decoding=\"async\" src=\"https:\/\/auszeit-in-isselburg.de\/wp-content\/uploads\/elementor\/thumbs\/Waesche-ps6fwt8wr1e4c9w40b1gcrvhkq1708jg3tktwwyofw.png\" alt=\"W\u00e4schepaket\" \/><\/figure>\n<figure><img decoding=\"async\" src=\"https:\/\/auszeit-in-isselburg.de\/wp-content\/uploads\/elementor\/thumbs\/parken-ps6fwphjzp8z1u1km9ey2stn76jq5g4irayvzt494s.png\" alt=\"Pakrplatz\" \/><\/figure>\n<figure><img decoding=\"async\" src=\"https:\/\/auszeit-in-isselburg.de\/wp-content\/uploads\/elementor\/thumbs\/Fahrrad-ps6fwg363cw3tqf855codv719bu20h37e0g171i6v0.png\" alt=\"Fahrr\u00e4der\" \/><\/figure>\n<figure><img decoding=\"async\" src=\"https:\/\/auszeit-in-isselburg.de\/wp-content\/uploads\/elementor\/thumbs\/nichtraucher-ps6fwmo1f754305o2q72dbj9f0xmictbqx0fjz8fng.png\" alt=\"Nichtraucher Wohnung\" \/><\/figure>\n<p>\t\t\t\t\t\t\t\t\t\t\t\t<a tabindex=\"0\">Muss Du Bettw\u00e4sche &#038; Handt\u00fccher mitbringen?<\/a><\/p>\n<p>Du musst nicht, wenn Du nicht willst.<br \/>Wir bieten zwei Optionen f\u00fcr Bettw\u00e4sche und Handt\u00fccher.<\/p>\n<p><strong><em>Paket \u201eAuszeit\u201c:<\/em><\/strong><br \/>Hier stellen wir die Bettw\u00e4sche und Handt\u00fccher gegen einen Aufpreis von 12,00 \u20ac pro Person zur Verf\u00fcgung. Die Betten Sind bei Anreise fertig bezogen.<\/p>\n<p><strong><em>Paket \u201eim Gr\u00fcnen\u201c:<\/em><\/strong><br \/>Bettw\u00e4sche (Bez\u00fcge f\u00fcr Kissen und Decken) und Handt\u00fccher bringst Du selbst mit, in der Wohnung findest Du Kissen und Decken. Dieses Paket ist gerade f\u00fcr einen kurzen Aufenthalt eine tollte Option, denn die Umwelt wird geschont und nicht durch das Waschen von nur sehr kurz genutzter Bettw\u00e4sche belastet.\u00a0<\/p>\n<p>\t\t\t\t\t\t\t\t\t\t\t\t<a tabindex=\"0\">Sind die Ferienwohnungen Nichtraucherbereiche?<\/a><\/p>\n<p>Ganz einfach: Ja.<\/p>\n<p>In allen Ferienwohnung und auf dem Balkon ist das Rauchen untersagt.<br \/>Dies dient zum einem dem Schutz der Nichtraucher und zum anderen dazu, dass die Qualit\u00e4t der Wohnung auch f\u00fcr die nichtrauchenden G\u00e4ste erhalten bleibt.<\/p>\n<p>Nat\u00fcrlich denken wir auch an die G\u00e4ste, die gerne rauchen m\u00f6chten.<br \/>Auf der Terrasse, die zu den Ferienwohnungen geh\u00f6rt, ist das Rauchen erlaubt. Von Fr\u00fchjahr bis Herbst stehn dort nat\u00fcrlich auch Sitzgelegenheiten zur Verf\u00fcgung.<\/p>\n<p>\t\t\t\t\t\t\t\t<a data-elementor-open-lightbox=\"yes\" data-elementor-lightbox-slideshow=\"98add01\" data-e-action-hash=\"#elementor-action%3Aaction%3Dlightbox%26settings%3DeyJpZCI6OTQsInVybCI6ZmFsc2UsInNsaWRlc2hvdyI6Ijk4YWRkMDEifQ%3D%3D\"><\/p>\n<figure><img decoding=\"async\" src=\"https:\/\/auszeit-in-isselburg.de\/wp-content\/uploads\/2022\/07\/Gelaende.png\" alt=\"\" \/><\/figure>\n<p><\/a><a data-elementor-open-lightbox=\"yes\" data-elementor-lightbox-slideshow=\"98add01\" data-e-action-hash=\"#elementor-action%3Aaction%3Dlightbox%26settings%3DeyJpZCI6MTQ2LCJ1cmwiOmZhbHNlLCJzbGlkZXNob3ciOiI5OGFkZDAxIn0%3D\"><\/p>\n<figure><img decoding=\"async\" src=\"https:\/\/auszeit-in-isselburg.de\/wp-content\/uploads\/2022\/07\/20211220_165432-scaled-e1658734268795.jpg\" alt=\"\" \/><\/figure>\n<p><\/a><a data-elementor-open-lightbox=\"yes\" data-elementor-lightbox-slideshow=\"98add01\" data-e-action-hash=\"#elementor-action%3Aaction%3Dlightbox%26settings%3DeyJpZCI6MTQ3LCJ1cmwiOmZhbHNlLCJzbGlkZXNob3ciOiI5OGFkZDAxIn0%3D\"><\/p>\n<figure><img decoding=\"async\" src=\"https:\/\/auszeit-in-isselburg.de\/wp-content\/uploads\/2022\/07\/20220226_081657-scaled-e1663080859943.jpg\" alt=\"\" \/><\/figure>\n<p><\/a><a data-elementor-open-lightbox=\"yes\" data-elementor-lightbox-slideshow=\"98add01\" data-e-action-hash=\"#elementor-action%3Aaction%3Dlightbox%26settings%3DeyJpZCI6MTQ5LCJ1cmwiOmZhbHNlLCJzbGlkZXNob3ciOiI5OGFkZDAxIn0%3D\"><\/p>\n<figure><img decoding=\"async\" src=\"https:\/\/auszeit-in-isselburg.de\/wp-content\/uploads\/2022\/07\/20220226_180947-scaled.jpg\" alt=\"\" \/><\/figure>\n<p><\/a><a data-elementor-open-lightbox=\"yes\" data-elementor-lightbox-slideshow=\"98add01\" data-e-action-hash=\"#elementor-action%3Aaction%3Dlightbox%26settings%3DeyJpZCI6MTUxLCJ1cmwiOmZhbHNlLCJzbGlkZXNob3ciOiI5OGFkZDAxIn0%3D\"><\/p>\n<figure><img decoding=\"async\" src=\"https:\/\/auszeit-in-isselburg.de\/wp-content\/uploads\/2022\/07\/20220317_184646-scaled.jpg\" alt=\"\" \/><\/figure>\n<p><\/a><a data-elementor-open-lightbox=\"yes\" data-elementor-lightbox-slideshow=\"98add01\" data-e-action-hash=\"#elementor-action%3Aaction%3Dlightbox%26settings%3DeyJpZCI6MTUzLCJ1cmwiOmZhbHNlLCJzbGlkZXNob3ciOiI5OGFkZDAxIn0%3D\"><\/p>\n<figure><img decoding=\"async\" src=\"https:\/\/auszeit-in-isselburg.de\/wp-content\/uploads\/2022\/07\/20220320_173715-scaled.jpg\" alt=\"\" \/><\/figure>\n<p><\/a><a data-elementor-open-lightbox=\"yes\" data-elementor-lightbox-slideshow=\"98add01\" data-e-action-hash=\"#elementor-action%3Aaction%3Dlightbox%26settings%3DeyJpZCI6MTU0LCJ1cmwiOmZhbHNlLCJzbGlkZXNob3ciOiI5OGFkZDAxIn0%3D\"><\/p>\n<figure><img decoding=\"async\" src=\"https:\/\/auszeit-in-isselburg.de\/wp-content\/uploads\/2022\/07\/20220320_174217-scaled.jpg\" alt=\"\" \/><\/figure>\n<p><\/a><a data-elementor-open-lightbox=\"yes\" data-elementor-lightbox-slideshow=\"98add01\" data-e-action-hash=\"#elementor-action%3Aaction%3Dlightbox%26settings%3DeyJpZCI6MTU1LCJ1cmwiOmZhbHNlLCJzbGlkZXNob3ciOiI5OGFkZDAxIn0%3D\"><\/p>\n<figure><img decoding=\"async\" src=\"https:\/\/auszeit-in-isselburg.de\/wp-content\/uploads\/2022\/07\/20211113_160402-scaled-e1663080843645.jpg\" alt=\"\" \/><\/figure>\n<p><\/a><a data-elementor-open-lightbox=\"yes\" data-elementor-lightbox-slideshow=\"98add01\" data-e-action-hash=\"#elementor-action%3Aaction%3Dlightbox%26settings%3DeyJpZCI6MTU2LCJ1cmwiOmZhbHNlLCJzbGlkZXNob3ciOiI5OGFkZDAxIn0%3D\"><\/p>\n<figure><img decoding=\"async\" src=\"https:\/\/auszeit-in-isselburg.de\/wp-content\/uploads\/2022\/07\/20211009_080936-scaled-e1663080827773.jpg\" alt=\"\" \/><\/figure>\n<p><\/a><a data-elementor-open-lightbox=\"yes\" data-elementor-lightbox-slideshow=\"98add01\" data-e-action-hash=\"#elementor-action%3Aaction%3Dlightbox%26settings%3DeyJpZCI6MTU3LCJ1cmwiOmZhbHNlLCJzbGlkZXNob3ciOiI5OGFkZDAxIn0%3D\"><\/p>\n<figure><img decoding=\"async\" src=\"https:\/\/auszeit-in-isselburg.de\/wp-content\/uploads\/2022\/07\/20211009_184130-scaled-e1663080815482.jpg\" alt=\"\" \/><\/figure>\n<p><\/a><a data-elementor-open-lightbox=\"yes\" data-elementor-lightbox-slideshow=\"98add01\" data-e-action-hash=\"#elementor-action%3Aaction%3Dlightbox%26settings%3DeyJpZCI6MTU4LCJ1cmwiOmZhbHNlLCJzbGlkZXNob3ciOiI5OGFkZDAxIn0%3D\"><\/p>\n<figure><img decoding=\"async\" src=\"https:\/\/auszeit-in-isselburg.de\/wp-content\/uploads\/2022\/07\/20211003_185428-scaled.jpg\" alt=\"\" \/><\/figure>\n<p><\/a><a data-elementor-open-lightbox=\"yes\" data-elementor-lightbox-slideshow=\"98add01\" data-e-action-hash=\"#elementor-action%3Aaction%3Dlightbox%26settings%3DeyJpZCI6MTU5LCJ1cmwiOmZhbHNlLCJzbGlkZXNob3ciOiI5OGFkZDAxIn0%3D\"><\/p>\n<figure><img decoding=\"async\" src=\"https:\/\/auszeit-in-isselburg.de\/wp-content\/uploads\/2022\/07\/20210927_192431-scaled-e1663068551437.jpg\" alt=\"\" \/><\/figure>\n<p><\/a><a data-elementor-open-lightbox=\"yes\" data-elementor-lightbox-slideshow=\"98add01\" data-e-action-hash=\"#elementor-action%3Aaction%3Dlightbox%26settings%3DeyJpZCI6MTYwLCJ1cmwiOmZhbHNlLCJzbGlkZXNob3ciOiI5OGFkZDAxIn0%3D\"><\/p>\n<figure><img decoding=\"async\" src=\"https:\/\/auszeit-in-isselburg.de\/wp-content\/uploads\/2022\/07\/20210730_202226-scaled.jpg\" alt=\"\" \/><\/figure>\n<p><\/a><a data-elementor-open-lightbox=\"yes\" data-elementor-lightbox-slideshow=\"98add01\" data-e-action-hash=\"#elementor-action%3Aaction%3Dlightbox%26settings%3DeyJpZCI6MTY4LCJ1cmwiOmZhbHNlLCJzbGlkZXNob3ciOiI5OGFkZDAxIn0%3D\"><\/p>\n<figure><img decoding=\"async\" src=\"https:\/\/auszeit-in-isselburg.de\/wp-content\/uploads\/2022\/07\/20200819_082455-scaled-e1661266707294.jpg\" alt=\"\" \/><\/figure>\n<p><\/a><a data-elementor-open-lightbox=\"yes\" data-elementor-lightbox-slideshow=\"98add01\" data-e-action-hash=\"#elementor-action%3Aaction%3Dlightbox%26settings%3DeyJpZCI6MTY3LCJ1cmwiOmZhbHNlLCJzbGlkZXNob3ciOiI5OGFkZDAxIn0%3D\"><\/p>\n<figure><img decoding=\"async\" src=\"https:\/\/auszeit-in-isselburg.de\/wp-content\/uploads\/2022\/07\/20200910_081927-scaled-e1663080789688.jpg\" alt=\"\" \/><\/figure>\n<p><\/a><a data-elementor-open-lightbox=\"yes\" data-elementor-lightbox-slideshow=\"98add01\" data-e-action-hash=\"#elementor-action%3Aaction%3Dlightbox%26settings%3DeyJpZCI6MTY2LCJ1cmwiOmZhbHNlLCJzbGlkZXNob3ciOiI5OGFkZDAxIn0%3D\"><\/p>\n<figure><img decoding=\"async\" src=\"https:\/\/auszeit-in-isselburg.de\/wp-content\/uploads\/2022\/07\/20200910_084233-scaled-e1663071066934.jpg\" alt=\"\" \/><\/figure>\n<p><\/a><a data-elementor-open-lightbox=\"yes\" data-elementor-lightbox-slideshow=\"98add01\" data-e-action-hash=\"#elementor-action%3Aaction%3Dlightbox%26settings%3DeyJpZCI6MTY1LCJ1cmwiOmZhbHNlLCJzbGlkZXNob3ciOiI5OGFkZDAxIn0%3D\"><\/p>\n<figure><img decoding=\"async\" src=\"https:\/\/auszeit-in-isselburg.de\/wp-content\/uploads\/2022\/07\/20200910_084818-scaled.jpg\" alt=\"\" \/><\/figure>\n<p><\/a><a data-elementor-open-lightbox=\"yes\" data-elementor-lightbox-slideshow=\"98add01\" data-e-action-hash=\"#elementor-action%3Aaction%3Dlightbox%26settings%3DeyJpZCI6MTY0LCJ1cmwiOmZhbHNlLCJzbGlkZXNob3ciOiI5OGFkZDAxIn0%3D\"><\/p>\n<figure><img decoding=\"async\" src=\"https:\/\/auszeit-in-isselburg.de\/wp-content\/uploads\/2022\/07\/20210601_212710-scaled-e1663071094960.jpg\" alt=\"\" \/><\/figure>\n<p><\/a><a data-elementor-open-lightbox=\"yes\" data-elementor-lightbox-slideshow=\"98add01\" data-e-action-hash=\"#elementor-action%3Aaction%3Dlightbox%26settings%3DeyJpZCI6MTYzLCJ1cmwiOmZhbHNlLCJzbGlkZXNob3ciOiI5OGFkZDAxIn0%3D\"><\/p>\n<figure><img decoding=\"async\" src=\"https:\/\/auszeit-in-isselburg.de\/wp-content\/uploads\/2022\/07\/20210613_162855-scaled-e1663071079794.jpg\" alt=\"\" \/><\/figure>\n<p><\/a><a data-elementor-open-lightbox=\"yes\" data-elementor-lightbox-slideshow=\"98add01\" data-e-action-hash=\"#elementor-action%3Aaction%3Dlightbox%26settings%3DeyJpZCI6MTYyLCJ1cmwiOmZhbHNlLCJzbGlkZXNob3ciOiI5OGFkZDAxIn0%3D\"><\/p>\n<figure><img decoding=\"async\" src=\"https:\/\/auszeit-in-isselburg.de\/wp-content\/uploads\/2022\/07\/20210726_205113-scaled-e1663080802206.jpg\" alt=\"\" \/><\/figure>\n<p><\/a><a data-elementor-open-lightbox=\"yes\" data-elementor-lightbox-slideshow=\"98add01\" data-e-action-hash=\"#elementor-action%3Aaction%3Dlightbox%26settings%3DeyJpZCI6OTEsInVybCI6ZmFsc2UsInNsaWRlc2hvdyI6Ijk4YWRkMDEifQ%3D%3D\"><\/p>\n<figure><img decoding=\"async\" src=\"https:\/\/auszeit-in-isselburg.de\/wp-content\/uploads\/2022\/07\/Wasser-scaled-e1663080870253.jpg\" alt=\"\" \/><\/figure>\n<p><\/a><br \/>\n\t\t\t\t\t\t\t\t\t\t\t\t<a tabindex=\"0\">Was ist Issel-Cross f\u00fcr ein Hof?<\/a><\/p>\n<p>Zu unserem liebevoll gestalteten Pferdehof -einem kleinen Privatstall- geh\u00f6rt nicht nur die hier vorgestellte Ferienwohnung, sondern auch park\u00e4hnliche Au\u00dfenanlagen, auf denen sich eine Vielzahl an Gel\u00e4ndehindernissen rund um Reitplatz und Koppeln befinden.<\/p>\n<p>\t\t\t\t\t\t\t\t\t\t\t\t<a tabindex=\"0\">Kann ich auf Issel-Cross reiten?<\/a><\/p>\n<p>Ja&#8230;<br \/>Neben dem gro\u00dfz\u00fcgig angelegten Gel\u00e4nde mit vielen Natur- und Gel\u00e4ndehindernissen gibt es einen Sandplatz.<\/p>\n<p>Auch f\u00fcr Anf\u00e4nger biete sich hier die M\u00f6glichkeit Unterricht zu nehmen, bzw. das Reiten (neu) Kennen zu lernen.<\/p>\n<p style=\"text-align: center;\"><a href=\"https:\/\/auszeit-in-isselburg.de\/ausbildung_mit_pferd\/\">&gt;&gt;Mehr Infos gibt es hier&lt;&lt;<\/a><\/p>\n<p style=\"text-align: center;\"><strong>Hinweis<\/strong>:<\/p>\n<p style=\"text-align: center;\">Mindestaufenthalt sind zwei N\u00e4chte.<br \/><em>F\u00fcr Aufenthalte von zwei oder drei N\u00e4chten erheben wir eine einmalige Geb\u00fchr von 25,00 \u20ac.<\/em><\/p>\n<p style=\"text-align: center;\">Um f\u00fcr eine Buchung anzufragen, kannst Du uns gerne eine Mail an<\/p>\n<p style=\"text-align: center;\"><a href=\"mailto:buchung@auszeit-in-isselburg.de\">buchung@auszeit-in-isselburg.de<\/a><\/p>\n<p style=\"text-align: center;\">schicken.<\/p>\n<p>\t\t\t\t\t<a href=\"mailto:buchung@auszeit-in-isselburg.de\"><br \/>\n\t\t\t\t\t\t\t\t\teine Mail schicken<br \/>\n\t\t\t\t\t<\/a><\/p>\n<p style=\"text-align: center;\">Hier kannst Du uns finden oder gleich Deine Anreise planen:<\/p>\n<p>\t\t\t<iframe loading=\"lazy\"\n\t\t\t\t\tsrc=\"https:\/\/maps.google.com\/maps?q=Ferienwohnung%20%22Auszeit%20im%20Gr%C3%BCnen%22%2C%20Grenzweg%203&#038;t=m&#038;z=11&#038;output=embed&#038;iwloc=near\"\n\t\t\t\t\ttitle=\"Ferienwohnung &quot;Auszeit im Gr\u00fcnen&quot;, Grenzweg 3\"\n\t\t\t\t\taria-label=\"Ferienwohnung &quot;Auszeit im Gr\u00fcnen&quot;, Grenzweg 3\"\n\t\t\t><\/iframe><br \/>\n\t\t[table id=1 \/]<br \/>\n\t\t[table id=2 \/]<\/p>\n<p style=\"text-align: center;\">Mindestaufenthalt sind zwei N\u00e4chte.<br \/><em style=\"color: var( --e-global-color-text ); font-family: var( --e-global-typography-text-font-family ), Sans-serif; font-weight: var( --e-global-typography-text-font-weight ); font-size: 1rem;\">* F\u00fcr Aufenthalte von zwei oder drei N\u00e4chten erheben wir eine einmalige Geb\u00fchr von 25,00 \u20ac.<\/em><\/p>\n<p style=\"text-align: center;\">Alle Informationen zur Buchung, Zahlung, An- und Abreise, Stornierung und anderen wichtigen Themen findest Du hier:<\/p>\n<p>\t\t\t\t\t<a href=\"https:\/\/auszeit-in-isselburg.de\/?page_id=354\" target=\"_blank\"><br \/>\n\t\t\t\t\t\t\t\t\thier geht&#8217;s zu den Hinweisen<br \/>\n\t\t\t\t\t<\/a><\/p>\n","protected":false},"excerpt":{"rendered":"<p>&#8222;Auszeit im Gr\u00fcnen&#8220; &#8211; FeWo OG &#8222;In den Wolken&#8220; &#8211; FeWo DG Die Ferienwohnungen Du hast die Wahl zwischen zwei tollen Ferienwohnungen im Hofhaus auf unserem idyllischen Pferdehof. Einmal die &#8222;Auszeit im Gr\u00fcnen&#8222;, eine fast 80 m\u00b2 gro\u00dfe Ferienwohnung mit Balkon im ersten Obergeschoss, oder im Dachgeschoss die Ferienwohnung &#8222;In den Wolken&#8222;. Der Hof und [&hellip;]<\/p>\n","protected":false},"author":1,"featured_media":0,"parent":0,"menu_order":0,"comment_status":"closed","ping_status":"closed","template":"","meta":{"_aii_hide_title":false,"footnotes":""},"class_list":["post-1308","page","type-page","status-publish","hentry"],"_links":{"self":[{"href":"https:\/\/auszeit-in-isselburg.de\/index.php?rest_route=\/wp\/v2\/pages\/1308","targetHints":{"allow":["GET"]}}],"collection":[{"href":"https:\/\/auszeit-in-isselburg.de\/index.php?rest_route=\/wp\/v2\/pages"}],"about":[{"href":"https:\/\/auszeit-in-isselburg.de\/index.php?rest_route=\/wp\/v2\/types\/page"}],"author":[{"embeddable":true,"href":"https:\/\/auszeit-in-isselburg.de\/index.php?rest_route=\/wp\/v2\/users\/1"}],"replies":[{"embeddable":true,"href":"https:\/\/auszeit-in-isselburg.de\/index.php?rest_route=%2Fwp%2Fv2%2Fcomments&post=1308"}],"version-history":[{"count":176,"href":"https:\/\/auszeit-in-isselburg.de\/index.php?rest_route=\/wp\/v2\/pages\/1308\/revisions"}],"predecessor-version":[{"id":1642,"href":"https:\/\/auszeit-in-isselburg.de\/index.php?rest_route=\/wp\/v2\/pages\/1308\/revisions\/1642"}],"wp:attachment":[{"href":"https:\/\/auszeit-in-isselburg.de\/index.php?rest_route=%2Fwp%2Fv2%2Fmedia&parent=1308"}],"curies":[{"name":"wp","href":"https:\/\/api.w.org\/{rel}","templated":true}]}}